{"version":"1.0","provider_name":"Bat\u0131 Trakya Haber","provider_url":"https:\/\/batitrakya.live","author_name":"tamer","author_url":"https:\/\/batitrakya.live\/index.php\/author\/tamer\/","title":"Yunanistan'da yap\u0131lan anket\"T\u00fcrkiye'ye kar\u015f\u0131 askeri g\u00fc\u00e7 kullan\u0131ls\u0131n\"...","type":"rich","width":600,"height":338,"html":"<blockquote class=\"wp-embedded-content\" data-secret=\"NYyo4BRYbw\"><a href=\"https:\/\/batitrakya.live\/index.php\/yunanistanda-yapilan-anketturkiyeye-karsi-askeri-guc-kullanilsin\/\">Yunanistan&#8217;da yap\u0131lan anket&#8221;T\u00fcrkiye&#8217;ye kar\u015f\u0131 askeri g\u00fc\u00e7 kullan\u0131ls\u0131n&#8221;&#8230;<\/a><\/blockquote><iframe sandbox=\"allow-scripts\" security=\"restricted\" src=\"https:\/\/batitrakya.live\/index.php\/yunanistanda-yapilan-anketturkiyeye-karsi-askeri-guc-kullanilsin\/embed\/#?secret=NYyo4BRYbw\" width=\"600\" height=\"338\" title=\"&#8220;Yunanistan&#8217;da yap\u0131lan anket&#8221;T\u00fcrkiye&#8217;ye kar\u015f\u0131 askeri g\u00fc\u00e7 kullan\u0131ls\u0131n&#8221;&#8230;&#8221; &#8212; Bat\u0131 Trakya Haber\" data-secret=\"NYyo4BRYbw\" frameborder=\"0\" marginwidth=\"0\" marginheight=\"0\" scrolling=\"no\" class=\"wp-embedded-content\"><\/iframe><script type=\"text\/javascript\">\n\/* <![CDATA[ *\/\n\/*! This file is auto-generated *\/\n!function(d,l){\"use strict\";l.querySelector&&d.addEventListener&&\"undefined\"!=typeof URL&&(d.wp=d.wp||{},d.wp.receiveEmbedMessage||(d.wp.receiveEmbedMessage=function(e){var t=e.data;if((t||t.secret||t.message||t.value)&&!\/[^a-zA-Z0-9]\/.test(t.secret)){for(var s,r,n,a=l.querySelectorAll('iframe[data-secret=\"'+t.secret+'\"]'),o=l.querySelectorAll('blockquote[data-secret=\"'+t.secret+'\"]'),c=new RegExp(\"^https?:$\",\"i\"),i=0;i<o.length;i++)o[i].style.display=\"none\";for(i=0;i<a.length;i++)s=a[i],e.source===s.contentWindow&&(s.removeAttribute(\"style\"),\"height\"===t.message?(1e3<(r=parseInt(t.value,10))?r=1e3:~~r<200&&(r=200),s.height=r):\"link\"===t.message&&(r=new URL(s.getAttribute(\"src\")),n=new URL(t.value),c.test(n.protocol))&&n.host===r.host&&l.activeElement===s&&(d.top.location.href=t.value))}},d.addEventListener(\"message\",d.wp.receiveEmbedMessage,!1),l.addEventListener(\"DOMContentLoaded\",function(){for(var e,t,s=l.querySelectorAll(\"iframe.wp-embedded-content\"),r=0;r<s.length;r++)(t=(e=s[r]).getAttribute(\"data-secret\"))||(t=Math.random().toString(36).substring(2,12),e.src+=\"#?secret=\"+t,e.setAttribute(\"data-secret\",t)),e.contentWindow.postMessage({message:\"ready\",secret:t},\"*\")},!1)))}(window,document);\n\/\/# sourceURL=https:\/\/batitrakya.live\/wp-includes\/js\/wp-embed.min.js\n\/* ]]> *\/\n<\/script>\n","thumbnail_url":"https:\/\/batitrakya.live\/wp-content\/uploads\/2020\/09\/greece_turkey.png","thumbnail_width":720,"thumbnail_height":348,"description":"Do\u011fu Akdeniz\u2019de ya\u015fanan gerilimle ilgili Yunanistan\u2019da yap\u0131lan ankette vatanda\u015flar\u0131n y\u00fczde 49.2\u2019si T\u00fcrkiye\u2019ye kar\u015f\u0131 askeri g\u00fc\u00e7 kullan\u0131lmas\u0131 gerekti\u011fini savunuyor. Bu se\u00e7ene\u011fe kar\u015f\u0131 \u00e7\u0131kanlar\u0131n oran\u0131 ise y\u00fczde 47.1. Yunanistan\u2019\u0131n Ta NEA gazetesinde yay\u0131nlanan bir anket, T\u00fcrkiye-Yunanistan gerilimine ili\u015fkin \u00e7arp\u0131c\u0131 sonu\u00e7lar ortaya koydu. Buna g\u00f6re Yunan halk\u0131n\u0131n y\u00fczde y\u00fczde 49.2\u2019si T\u00fcrkiye\u2019ye kar\u015f\u0131 askeri g\u00fc\u00e7 kullanma se\u00e7ene\u011fine olumlu bakt\u0131\u011f\u0131n\u0131 &hellip;"}