{"version":"1.0","provider_name":"Bat\u0131 Trakya Haber","provider_url":"https:\/\/batitrakya.live","author_name":"tamer","author_url":"https:\/\/batitrakya.live\/index.php\/author\/tamer\/","title":"Yunanistan'da rekor \u00f6l\u00fcm 108 ki\u015fi hayat\u0131n\u0131 kaybetti...","type":"rich","width":600,"height":338,"html":"<blockquote class=\"wp-embedded-content\" data-secret=\"4fbSfCZfsD\"><a href=\"https:\/\/batitrakya.live\/index.php\/yunanistanda-rekor-olum-108-kisi-hayatini-kaybetti\/\">Yunanistan&#8217;da rekor \u00f6l\u00fcm 108 ki\u015fi hayat\u0131n\u0131 kaybetti&#8230;<\/a><\/blockquote><iframe sandbox=\"allow-scripts\" security=\"restricted\" src=\"https:\/\/batitrakya.live\/index.php\/yunanistanda-rekor-olum-108-kisi-hayatini-kaybetti\/embed\/#?secret=4fbSfCZfsD\" width=\"600\" height=\"338\" title=\"&#8220;Yunanistan&#8217;da rekor \u00f6l\u00fcm 108 ki\u015fi hayat\u0131n\u0131 kaybetti&#8230;&#8221; &#8212; Bat\u0131 Trakya Haber\" data-secret=\"4fbSfCZfsD\" frameborder=\"0\" marginwidth=\"0\" marginheight=\"0\" scrolling=\"no\" class=\"wp-embedded-content\"><\/iframe><script type=\"text\/javascript\">\n\/* <![CDATA[ *\/\n\/*! This file is auto-generated *\/\n!function(d,l){\"use strict\";l.querySelector&&d.addEventListener&&\"undefined\"!=typeof URL&&(d.wp=d.wp||{},d.wp.receiveEmbedMessage||(d.wp.receiveEmbedMessage=function(e){var t=e.data;if((t||t.secret||t.message||t.value)&&!\/[^a-zA-Z0-9]\/.test(t.secret)){for(var s,r,n,a=l.querySelectorAll('iframe[data-secret=\"'+t.secret+'\"]'),o=l.querySelectorAll('blockquote[data-secret=\"'+t.secret+'\"]'),c=new RegExp(\"^https?:$\",\"i\"),i=0;i<o.length;i++)o[i].style.display=\"none\";for(i=0;i<a.length;i++)s=a[i],e.source===s.contentWindow&&(s.removeAttribute(\"style\"),\"height\"===t.message?(1e3<(r=parseInt(t.value,10))?r=1e3:~~r<200&&(r=200),s.height=r):\"link\"===t.message&&(r=new URL(s.getAttribute(\"src\")),n=new URL(t.value),c.test(n.protocol))&&n.host===r.host&&l.activeElement===s&&(d.top.location.href=t.value))}},d.addEventListener(\"message\",d.wp.receiveEmbedMessage,!1),l.addEventListener(\"DOMContentLoaded\",function(){for(var e,t,s=l.querySelectorAll(\"iframe.wp-embedded-content\"),r=0;r<s.length;r++)(t=(e=s[r]).getAttribute(\"data-secret\"))||(t=Math.random().toString(36).substring(2,12),e.src+=\"#?secret=\"+t,e.setAttribute(\"data-secret\",t)),e.contentWindow.postMessage({message:\"ready\",secret:t},\"*\")},!1)))}(window,document);\n\/\/# sourceURL=https:\/\/batitrakya.live\/wp-includes\/js\/wp-embed.min.js\n\/* ]]> *\/\n<\/script>\n","description":"EODY\u2019nin bug\u00fcn a\u00e7\u0131klad\u0131\u011f\u0131 verilere g\u00f6re, Kovid-19 nedeniyle hayat\u0131n\u0131 kaybedenlerin say\u0131s\u0131 en y\u00fcksek seviyeye ula\u015ft\u0131. Son 24 saatte 108 ki\u015fi hayat\u0131n\u0131 kaybetti. D\u00fcn de 72 ki\u015fi yeni tip koronavir\u00fcs nedeniyle vefat etmi\u015fti. 21 Kas\u0131m Cumartesi g\u00fcn\u00fc itibar\u0131yla koronavir\u00fcs vakalar\u0131na 2.311 ki\u015fi daha eklendi. Bat\u0131 Trakya\u2019da en y\u00fcksek vaka \u0130ske\u00e7e ilinde ortaya \u00e7\u0131kt\u0131. \u0130ske\u00e7e\u2019de vaka say\u0131s\u0131n\u0131n 93 &hellip;","thumbnail_url":"https:\/\/batitrakya.live\/wp-content\/uploads\/2021\/02\/cropped-aytrakya.png","thumbnail_width":512,"thumbnail_height":512}