{"version":"1.0","provider_name":"Bat\u0131 Trakya Haber","provider_url":"https:\/\/batitrakya.live","author_name":"tamer","author_url":"https:\/\/batitrakya.live\/index.php\/author\/tamer\/","title":"Yunanistan'da Ocak ay\u0131 kiras\u0131 \u00f6denmeyecek...","type":"rich","width":600,"height":338,"html":"<blockquote class=\"wp-embedded-content\" data-secret=\"9aL2L7lcum\"><a href=\"https:\/\/batitrakya.live\/index.php\/yunanistanda-ocak-kirasi-odenmeyecek\/\">Yunanistan&#8217;da Ocak ay\u0131 kiras\u0131 \u00f6denmeyecek&#8230;<\/a><\/blockquote><iframe sandbox=\"allow-scripts\" security=\"restricted\" src=\"https:\/\/batitrakya.live\/index.php\/yunanistanda-ocak-kirasi-odenmeyecek\/embed\/#?secret=9aL2L7lcum\" width=\"600\" height=\"338\" title=\"&#8220;Yunanistan&#8217;da Ocak ay\u0131 kiras\u0131 \u00f6denmeyecek&#8230;&#8221; &#8212; Bat\u0131 Trakya Haber\" data-secret=\"9aL2L7lcum\" frameborder=\"0\" marginwidth=\"0\" marginheight=\"0\" scrolling=\"no\" class=\"wp-embedded-content\"><\/iframe><script type=\"text\/javascript\">\n\/* <![CDATA[ *\/\n\/*! This file is auto-generated *\/\n!function(d,l){\"use strict\";l.querySelector&&d.addEventListener&&\"undefined\"!=typeof URL&&(d.wp=d.wp||{},d.wp.receiveEmbedMessage||(d.wp.receiveEmbedMessage=function(e){var t=e.data;if((t||t.secret||t.message||t.value)&&!\/[^a-zA-Z0-9]\/.test(t.secret)){for(var s,r,n,a=l.querySelectorAll('iframe[data-secret=\"'+t.secret+'\"]'),o=l.querySelectorAll('blockquote[data-secret=\"'+t.secret+'\"]'),c=new RegExp(\"^https?:$\",\"i\"),i=0;i<o.length;i++)o[i].style.display=\"none\";for(i=0;i<a.length;i++)s=a[i],e.source===s.contentWindow&&(s.removeAttribute(\"style\"),\"height\"===t.message?(1e3<(r=parseInt(t.value,10))?r=1e3:~~r<200&&(r=200),s.height=r):\"link\"===t.message&&(r=new URL(s.getAttribute(\"src\")),n=new URL(t.value),c.test(n.protocol))&&n.host===r.host&&l.activeElement===s&&(d.top.location.href=t.value))}},d.addEventListener(\"message\",d.wp.receiveEmbedMessage,!1),l.addEventListener(\"DOMContentLoaded\",function(){for(var e,t,s=l.querySelectorAll(\"iframe.wp-embedded-content\"),r=0;r<s.length;r++)(t=(e=s[r]).getAttribute(\"data-secret\"))||(t=Math.random().toString(36).substring(2,12),e.src+=\"#?secret=\"+t,e.setAttribute(\"data-secret\",t)),e.contentWindow.postMessage({message:\"ready\",secret:t},\"*\")},!1)))}(window,document);\n\/\/# sourceURL=https:\/\/batitrakya.live\/wp-includes\/js\/wp-embed.min.js\n\/* ]]> *\/\n<\/script>\n","thumbnail_url":"https:\/\/batitrakya.live\/wp-content\/uploads\/2021\/01\/selanik.jpg","thumbnail_width":617,"thumbnail_height":348,"description":"Pandemi nedeniyle al\u0131nan \u00f6nlemler \u00e7er\u00e7evesinde, 11 Ocak tarihine kadar kapal\u0131 kalacak i\u015f yerleri i\u00e7in Ocak ay\u0131nda kira \u00f6denmeyecek. M\u00fclk sahiplerinin kayb\u0131 ise devlet taraf\u0131ndan y\u00fczde 80 oran\u0131nda kar\u015f\u0131lanacak. Pandemi nedeniyle al\u0131nan \u00f6nlemler \u00e7er\u00e7evesinde, 11 Ocak tarihine kadar kapal\u0131 kalacak i\u015f yerleri i\u00e7in Ocak ay\u0131nda kira \u00f6denmeyecek. M\u00fclk sahiplerinin kayb\u0131 ise devlet taraf\u0131ndan y\u00fczde 80 oran\u0131nda &hellip;"}