{"version":"1.0","provider_name":"Bat\u0131 Trakya Haber","provider_url":"https:\/\/batitrakya.live","author_name":"tamer","author_url":"https:\/\/batitrakya.live\/index.php\/author\/tamer\/","title":"Yunanistan'da halk Kovid-19 a\u015f\u0131s\u0131na temkinli yakla\u015f\u0131yor...","type":"rich","width":600,"height":338,"html":"<blockquote class=\"wp-embedded-content\" data-secret=\"U4hYW3Rj7Q\"><a href=\"https:\/\/batitrakya.live\/index.php\/yunanistanda-halk-kovid-19-asisina-temkinli-yaklasiyor\/\">Yunanistan&#8217;da halk Kovid-19 a\u015f\u0131s\u0131na temkinli yakla\u015f\u0131yor&#8230;<\/a><\/blockquote><iframe sandbox=\"allow-scripts\" security=\"restricted\" src=\"https:\/\/batitrakya.live\/index.php\/yunanistanda-halk-kovid-19-asisina-temkinli-yaklasiyor\/embed\/#?secret=U4hYW3Rj7Q\" width=\"600\" height=\"338\" title=\"&#8220;Yunanistan&#8217;da halk Kovid-19 a\u015f\u0131s\u0131na temkinli yakla\u015f\u0131yor&#8230;&#8221; &#8212; Bat\u0131 Trakya Haber\" data-secret=\"U4hYW3Rj7Q\" frameborder=\"0\" marginwidth=\"0\" marginheight=\"0\" scrolling=\"no\" class=\"wp-embedded-content\"><\/iframe><script type=\"text\/javascript\">\n\/* <![CDATA[ *\/\n\/*! This file is auto-generated *\/\n!function(d,l){\"use strict\";l.querySelector&&d.addEventListener&&\"undefined\"!=typeof URL&&(d.wp=d.wp||{},d.wp.receiveEmbedMessage||(d.wp.receiveEmbedMessage=function(e){var t=e.data;if((t||t.secret||t.message||t.value)&&!\/[^a-zA-Z0-9]\/.test(t.secret)){for(var s,r,n,a=l.querySelectorAll('iframe[data-secret=\"'+t.secret+'\"]'),o=l.querySelectorAll('blockquote[data-secret=\"'+t.secret+'\"]'),c=new RegExp(\"^https?:$\",\"i\"),i=0;i<o.length;i++)o[i].style.display=\"none\";for(i=0;i<a.length;i++)s=a[i],e.source===s.contentWindow&&(s.removeAttribute(\"style\"),\"height\"===t.message?(1e3<(r=parseInt(t.value,10))?r=1e3:~~r<200&&(r=200),s.height=r):\"link\"===t.message&&(r=new URL(s.getAttribute(\"src\")),n=new URL(t.value),c.test(n.protocol))&&n.host===r.host&&l.activeElement===s&&(d.top.location.href=t.value))}},d.addEventListener(\"message\",d.wp.receiveEmbedMessage,!1),l.addEventListener(\"DOMContentLoaded\",function(){for(var e,t,s=l.querySelectorAll(\"iframe.wp-embedded-content\"),r=0;r<s.length;r++)(t=(e=s[r]).getAttribute(\"data-secret\"))||(t=Math.random().toString(36).substring(2,12),e.src+=\"#?secret=\"+t,e.setAttribute(\"data-secret\",t)),e.contentWindow.postMessage({message:\"ready\",secret:t},\"*\")},!1)))}(window,document);\n\/\/# sourceURL=https:\/\/batitrakya.live\/wp-includes\/js\/wp-embed.min.js\n\/* ]]> *\/\n<\/script>\n","thumbnail_url":"https:\/\/batitrakya.live\/wp-content\/uploads\/2020\/12\/asi-shutter_.jpg","thumbnail_width":720,"thumbnail_height":348,"description":"Kamuoyu ara\u015ft\u0131rma \u015firketi ALCO taraf\u0131ndan OPEN TV i\u00e7in yap\u0131lan ankete kat\u0131lanlar\u0131n y\u00fczde 42\u2019si a\u015f\u0131y\u0131 yapt\u0131rmak i\u00e7in bir s\u00fcre bekleyece\u011fini belirtti. Y\u00fczde 19\u2019luk bir oran ise hi\u00e7 a\u015f\u0131 yapt\u0131rmay\u0131 d\u00fc\u015f\u00fcnmedi\u011fini s\u00f6yledi. Kovid -19 a\u015f\u0131s\u0131yla ilgili ankete kat\u0131lanlar\u0131n, \u201cKovid -19 a\u015f\u0131s\u0131n\u0131 hemen yapt\u0131racak m\u0131s\u0131n\u0131z?\u201d sorusuna verdi\u011fi cevaplar \u015f\u00f6yle: &#8211; Birka\u00e7 ay bekleyece\u011fim (% 42) &#8211; A\u015f\u0131y\u0131 hemen &hellip;"}