{"version":"1.0","provider_name":"Bat\u0131 Trakya Haber","provider_url":"https:\/\/batitrakya.live","author_name":"tamer","author_url":"https:\/\/batitrakya.live\/index.php\/author\/tamer\/","title":"Yunanistan'da covid-19 vakalar\u0131nda bir rekor daha...","type":"rich","width":600,"height":338,"html":"<blockquote class=\"wp-embedded-content\" data-secret=\"Feq0VWikMu\"><a href=\"https:\/\/batitrakya.live\/index.php\/yunanistanda-covid-19-vakalarinda-bir-rekor-daha\/\">Yunanistan&#8217;da covid-19 vakalar\u0131nda bir rekor daha&#8230;<\/a><\/blockquote><iframe sandbox=\"allow-scripts\" security=\"restricted\" src=\"https:\/\/batitrakya.live\/index.php\/yunanistanda-covid-19-vakalarinda-bir-rekor-daha\/embed\/#?secret=Feq0VWikMu\" width=\"600\" height=\"338\" title=\"&#8220;Yunanistan&#8217;da covid-19 vakalar\u0131nda bir rekor daha&#8230;&#8221; &#8212; Bat\u0131 Trakya Haber\" data-secret=\"Feq0VWikMu\" frameborder=\"0\" marginwidth=\"0\" marginheight=\"0\" scrolling=\"no\" class=\"wp-embedded-content\"><\/iframe><script type=\"text\/javascript\">\n\/* <![CDATA[ *\/\n\/*! This file is auto-generated *\/\n!function(d,l){\"use strict\";l.querySelector&&d.addEventListener&&\"undefined\"!=typeof URL&&(d.wp=d.wp||{},d.wp.receiveEmbedMessage||(d.wp.receiveEmbedMessage=function(e){var t=e.data;if((t||t.secret||t.message||t.value)&&!\/[^a-zA-Z0-9]\/.test(t.secret)){for(var s,r,n,a=l.querySelectorAll('iframe[data-secret=\"'+t.secret+'\"]'),o=l.querySelectorAll('blockquote[data-secret=\"'+t.secret+'\"]'),c=new RegExp(\"^https?:$\",\"i\"),i=0;i<o.length;i++)o[i].style.display=\"none\";for(i=0;i<a.length;i++)s=a[i],e.source===s.contentWindow&&(s.removeAttribute(\"style\"),\"height\"===t.message?(1e3<(r=parseInt(t.value,10))?r=1e3:~~r<200&&(r=200),s.height=r):\"link\"===t.message&&(r=new URL(s.getAttribute(\"src\")),n=new URL(t.value),c.test(n.protocol))&&n.host===r.host&&l.activeElement===s&&(d.top.location.href=t.value))}},d.addEventListener(\"message\",d.wp.receiveEmbedMessage,!1),l.addEventListener(\"DOMContentLoaded\",function(){for(var e,t,s=l.querySelectorAll(\"iframe.wp-embedded-content\"),r=0;r<s.length;r++)(t=(e=s[r]).getAttribute(\"data-secret\"))||(t=Math.random().toString(36).substring(2,12),e.src+=\"#?secret=\"+t,e.setAttribute(\"data-secret\",t)),e.contentWindow.postMessage({message:\"ready\",secret:t},\"*\")},!1)))}(window,document);\n\/\/# sourceURL=https:\/\/batitrakya.live\/wp-includes\/js\/wp-embed.min.js\n\/* ]]> *\/\n<\/script>\n","thumbnail_url":"https:\/\/batitrakya.live\/wp-content\/uploads\/2020\/10\/covid_ellada.jpg","thumbnail_width":720,"thumbnail_height":348,"description":"Yunanistan genelinde bir g\u00fcnde tespit edilen Kovid -19 vakalar\u0131nda rekorlar k\u0131r\u0131lmaya devam ediyor.Al\u0131nan \u00f6nlemlere ra\u011fmen vaka say\u0131s\u0131ndaki art\u0131\u015f devam ediyor. 3 Kas\u0131m Sal\u0131 g\u00fcn\u00fc itibar\u0131yla koronavir\u00fcs vakalar\u0131na 2166 ki\u015fi daha eklendi. En y\u00fcksek vakalar Selanik b\u00f6lgesinde ortaya \u00e7\u0131kt\u0131. Selanik b\u00f6lgesinde 595 koronavir\u00fcs vakas\u0131 tespit edildi. Bat\u0131 Trakya\u2019da ise Rodop\u2019ta 108, \u0130ske\u00e7e\u2019de 25 ve Evros\u2019ta 42 &hellip;"}