{"version":"1.0","provider_name":"Bat\u0131 Trakya Haber","provider_url":"https:\/\/batitrakya.live","author_name":"tamer","author_url":"https:\/\/batitrakya.live\/index.php\/author\/tamer\/","title":"Yunanistan din \u00f6\u011freticilerinin isimlerini a\u00e7\u0131klad\u0131!...","type":"rich","width":600,"height":338,"html":"<blockquote class=\"wp-embedded-content\" data-secret=\"xjtN4TgdHN\"><a href=\"https:\/\/batitrakya.live\/index.php\/yunanistan-din-ogreticilerinin-isimlerini-isimleri-acikladi\/\">Yunanistan din \u00f6\u011freticilerinin isimlerini a\u00e7\u0131klad\u0131!&#8230;<\/a><\/blockquote><iframe sandbox=\"allow-scripts\" security=\"restricted\" src=\"https:\/\/batitrakya.live\/index.php\/yunanistan-din-ogreticilerinin-isimlerini-isimleri-acikladi\/embed\/#?secret=xjtN4TgdHN\" width=\"600\" height=\"338\" title=\"&#8220;Yunanistan din \u00f6\u011freticilerinin isimlerini a\u00e7\u0131klad\u0131!&#8230;&#8221; &#8212; Bat\u0131 Trakya Haber\" data-secret=\"xjtN4TgdHN\" frameborder=\"0\" marginwidth=\"0\" marginheight=\"0\" scrolling=\"no\" class=\"wp-embedded-content\"><\/iframe><script type=\"text\/javascript\">\n\/* <![CDATA[ *\/\n\/*! This file is auto-generated *\/\n!function(d,l){\"use strict\";l.querySelector&&d.addEventListener&&\"undefined\"!=typeof URL&&(d.wp=d.wp||{},d.wp.receiveEmbedMessage||(d.wp.receiveEmbedMessage=function(e){var t=e.data;if((t||t.secret||t.message||t.value)&&!\/[^a-zA-Z0-9]\/.test(t.secret)){for(var s,r,n,a=l.querySelectorAll('iframe[data-secret=\"'+t.secret+'\"]'),o=l.querySelectorAll('blockquote[data-secret=\"'+t.secret+'\"]'),c=new RegExp(\"^https?:$\",\"i\"),i=0;i<o.length;i++)o[i].style.display=\"none\";for(i=0;i<a.length;i++)s=a[i],e.source===s.contentWindow&&(s.removeAttribute(\"style\"),\"height\"===t.message?(1e3<(r=parseInt(t.value,10))?r=1e3:~~r<200&&(r=200),s.height=r):\"link\"===t.message&&(r=new URL(s.getAttribute(\"src\")),n=new URL(t.value),c.test(n.protocol))&&n.host===r.host&&l.activeElement===s&&(d.top.location.href=t.value))}},d.addEventListener(\"message\",d.wp.receiveEmbedMessage,!1),l.addEventListener(\"DOMContentLoaded\",function(){for(var e,t,s=l.querySelectorAll(\"iframe.wp-embedded-content\"),r=0;r<s.length;r++)(t=(e=s[r]).getAttribute(\"data-secret\"))||(t=Math.random().toString(36).substring(2,12),e.src+=\"#?secret=\"+t,e.setAttribute(\"data-secret\",t)),e.contentWindow.postMessage({message:\"ready\",secret:t},\"*\")},!1)))}(window,document);\n\/\/# sourceURL=https:\/\/batitrakya.live\/wp-includes\/js\/wp-embed.min.js\n\/* ]]> *\/\n<\/script>\n","thumbnail_url":"https:\/\/batitrakya.live\/wp-content\/uploads\/2021\/09\/imam-bayrak.jpg","thumbnail_width":720,"thumbnail_height":348,"description":"Yunanistan E\u011fitim ve Din \u0130\u015fleri Bakanl\u0131\u011f\u0131 \u201c240 \u0130mam yasas\u0131\u201d kapsam\u0131nda Bat\u0131 Trakya\u2019da g\u00f6revlendirece\u011fi din \u00f6\u011freticilerinin isimlerini a\u00e7\u0131klad\u0131 ve ilgili M\u00fcft\u00fcl\u00fcklere g\u00f6nderdi. Yunanistan E\u011fitim ve Din \u0130\u015fleri Bakanl\u0131\u011f\u0131 taraf\u0131ndan a\u00e7\u0131klanan ve \u039a.\u03a5.\u0391. 76574\/\u03981\/28-06-2021 (\u03a6\u0395\u039a \u0391\u03a3\u0395\u03a0 37\/30-06-2021) tarihli ve say\u0131l\u0131 Resmi Gazete\u2019de yay\u0131nlanan karar gere\u011fi, G\u00fcm\u00fclcine, \u0130ske\u00e7e ve Dimetoka Tayinli M\u00fcft\u00fcl\u00fcklerine ba\u011fl\u0131 olarak, \u0130slam Dini \u00d6\u011freticisi olarak &hellip;"}