{"version":"1.0","provider_name":"Bat\u0131 Trakya Haber","provider_url":"https:\/\/batitrakya.live","author_name":"tamer","author_url":"https:\/\/batitrakya.live\/index.php\/author\/tamer\/","title":"Yass\u0131k\u00f6y'de okullar \u00fc\u00e7 g\u00fcn boyunca kapal\u0131 kalacak...","type":"rich","width":600,"height":338,"html":"<blockquote class=\"wp-embedded-content\" data-secret=\"hIDEukLoen\"><a href=\"https:\/\/batitrakya.live\/index.php\/yassikoyde-okullar-uc-gun-boyunca-kapali-kalacak\/\">Yass\u0131k\u00f6y&#8217;de okullar \u00fc\u00e7 g\u00fcn boyunca kapal\u0131 kalacak&#8230;<\/a><\/blockquote><iframe sandbox=\"allow-scripts\" security=\"restricted\" src=\"https:\/\/batitrakya.live\/index.php\/yassikoyde-okullar-uc-gun-boyunca-kapali-kalacak\/embed\/#?secret=hIDEukLoen\" width=\"600\" height=\"338\" title=\"&#8220;Yass\u0131k\u00f6y&#8217;de okullar \u00fc\u00e7 g\u00fcn boyunca kapal\u0131 kalacak&#8230;&#8221; &#8212; Bat\u0131 Trakya Haber\" data-secret=\"hIDEukLoen\" frameborder=\"0\" marginwidth=\"0\" marginheight=\"0\" scrolling=\"no\" class=\"wp-embedded-content\"><\/iframe><script type=\"text\/javascript\">\n\/* <![CDATA[ *\/\n\/*! This file is auto-generated *\/\n!function(d,l){\"use strict\";l.querySelector&&d.addEventListener&&\"undefined\"!=typeof URL&&(d.wp=d.wp||{},d.wp.receiveEmbedMessage||(d.wp.receiveEmbedMessage=function(e){var t=e.data;if((t||t.secret||t.message||t.value)&&!\/[^a-zA-Z0-9]\/.test(t.secret)){for(var s,r,n,a=l.querySelectorAll('iframe[data-secret=\"'+t.secret+'\"]'),o=l.querySelectorAll('blockquote[data-secret=\"'+t.secret+'\"]'),c=new RegExp(\"^https?:$\",\"i\"),i=0;i<o.length;i++)o[i].style.display=\"none\";for(i=0;i<a.length;i++)s=a[i],e.source===s.contentWindow&&(s.removeAttribute(\"style\"),\"height\"===t.message?(1e3<(r=parseInt(t.value,10))?r=1e3:~~r<200&&(r=200),s.height=r):\"link\"===t.message&&(r=new URL(s.getAttribute(\"src\")),n=new URL(t.value),c.test(n.protocol))&&n.host===r.host&&l.activeElement===s&&(d.top.location.href=t.value))}},d.addEventListener(\"message\",d.wp.receiveEmbedMessage,!1),l.addEventListener(\"DOMContentLoaded\",function(){for(var e,t,s=l.querySelectorAll(\"iframe.wp-embedded-content\"),r=0;r<s.length;r++)(t=(e=s[r]).getAttribute(\"data-secret\"))||(t=Math.random().toString(36).substring(2,12),e.src+=\"#?secret=\"+t,e.setAttribute(\"data-secret\",t)),e.contentWindow.postMessage({message:\"ready\",secret:t},\"*\")},!1)))}(window,document);\n\/\/# sourceURL=https:\/\/batitrakya.live\/wp-includes\/js\/wp-embed.min.js\n\/* ]]> *\/\n<\/script>\n","thumbnail_url":"https:\/\/batitrakya.live\/wp-content\/uploads\/2021\/02\/yassi_koy_okul.jpg","thumbnail_width":720,"thumbnail_height":348,"description":"Rodop iline ba\u011fl\u0131 Yass\u0131k\u00f6y Belediyesi s\u0131n\u0131rlar\u0131 i\u00e7indeki k\u00f6ylerde okullar hafta sonuna kadar kapal\u0131 kalacak. Okullar\u0131n, k\u00f6t\u00fc hava \u015fartlar\u0131 nedeniyle \u00f6n\u00fcm\u00fczdeki \u00fc\u00e7 g\u00fcn boyunca tatil edildi\u011fi ifade edildi. Yass\u0131k\u00f6y Belediye Ba\u015fkan\u0131 \u00d6nder M\u00fcmin\u2019in karar\u0131yla b\u00f6lgedeki t\u00fcm ilk ve orta dereceli okullar ve \u00f6zel hizmet veren \u00e7ocuk yuvalar\u0131 17 \u015eubat \u00c7ar\u015famba, 18 \u015eubat Per\u015fembe ve 19 \u015eubat &hellip;"}