{"version":"1.0","provider_name":"Bat\u0131 Trakya Haber","provider_url":"https:\/\/batitrakya.live","author_name":"tamer","author_url":"https:\/\/batitrakya.live\/index.php\/author\/tamer\/","title":"Yass\u0131k\u00f6y Belediyesine bir y\u0131kama arac\u0131 tahsis edildi...","type":"rich","width":600,"height":338,"html":"<blockquote class=\"wp-embedded-content\" data-secret=\"ipoZ1zb8cj\"><a href=\"https:\/\/batitrakya.live\/index.php\/yassikoy-belediyesine-bir-yikama-araci-tahsis-edildi\/\">Yass\u0131k\u00f6y Belediyesine bir y\u0131kama arac\u0131 tahsis edildi&#8230;<\/a><\/blockquote><iframe sandbox=\"allow-scripts\" security=\"restricted\" src=\"https:\/\/batitrakya.live\/index.php\/yassikoy-belediyesine-bir-yikama-araci-tahsis-edildi\/embed\/#?secret=ipoZ1zb8cj\" width=\"600\" height=\"338\" title=\"&#8220;Yass\u0131k\u00f6y Belediyesine bir y\u0131kama arac\u0131 tahsis edildi&#8230;&#8221; &#8212; Bat\u0131 Trakya Haber\" data-secret=\"ipoZ1zb8cj\" frameborder=\"0\" marginwidth=\"0\" marginheight=\"0\" scrolling=\"no\" class=\"wp-embedded-content\"><\/iframe><script type=\"text\/javascript\">\n\/* <![CDATA[ *\/\n\/*! This file is auto-generated *\/\n!function(d,l){\"use strict\";l.querySelector&&d.addEventListener&&\"undefined\"!=typeof URL&&(d.wp=d.wp||{},d.wp.receiveEmbedMessage||(d.wp.receiveEmbedMessage=function(e){var t=e.data;if((t||t.secret||t.message||t.value)&&!\/[^a-zA-Z0-9]\/.test(t.secret)){for(var s,r,n,a=l.querySelectorAll('iframe[data-secret=\"'+t.secret+'\"]'),o=l.querySelectorAll('blockquote[data-secret=\"'+t.secret+'\"]'),c=new RegExp(\"^https?:$\",\"i\"),i=0;i<o.length;i++)o[i].style.display=\"none\";for(i=0;i<a.length;i++)s=a[i],e.source===s.contentWindow&&(s.removeAttribute(\"style\"),\"height\"===t.message?(1e3<(r=parseInt(t.value,10))?r=1e3:~~r<200&&(r=200),s.height=r):\"link\"===t.message&&(r=new URL(s.getAttribute(\"src\")),n=new URL(t.value),c.test(n.protocol))&&n.host===r.host&&l.activeElement===s&&(d.top.location.href=t.value))}},d.addEventListener(\"message\",d.wp.receiveEmbedMessage,!1),l.addEventListener(\"DOMContentLoaded\",function(){for(var e,t,s=l.querySelectorAll(\"iframe.wp-embedded-content\"),r=0;r<s.length;r++)(t=(e=s[r]).getAttribute(\"data-secret\"))||(t=Math.random().toString(36).substring(2,12),e.src+=\"#?secret=\"+t,e.setAttribute(\"data-secret\",t)),e.contentWindow.postMessage({message:\"ready\",secret:t},\"*\")},!1)))}(window,document);\n\/\/# sourceURL=https:\/\/batitrakya.live\/wp-includes\/js\/wp-embed.min.js\n\/* ]]> *\/\n<\/script>\n","thumbnail_url":"https:\/\/batitrakya.live\/wp-content\/uploads\/2021\/03\/yassi_arac.jpg","thumbnail_width":720,"thumbnail_height":348,"description":"Yass\u0131k\u00f6y Belediyesi, temizlik hizmetlerinde kullan\u0131lacak yeni bir arac\u0131 belediyenin ara\u00e7 filosuna dahil etti. \u00c7\u00f6p konteyneri y\u0131kama arac\u0131yla belediye y\u00f6netimi bundan sonra k\u00f6ylerde temizlik i\u015flerinde halka daha iyi ve daha sa\u011fl\u0131kl\u0131 hizmet verecek. Yeni arac\u0131n belediye b\u00fcnyesine dahil edildi\u011fini duyuran Yass\u0131k\u00f6y Belediye Ba\u015fkan\u0131 \u00d6nder M\u00fcmin; \u201c\u00c7\u00f6p konteyneri y\u0131kama arac\u0131n\u0131 belediyemize kazand\u0131rd\u0131k. Daha temiz, farkl\u0131 bir belediye &hellip;"}