{"version":"1.0","provider_name":"Bat\u0131 Trakya Haber","provider_url":"https:\/\/batitrakya.live","author_name":"tamer","author_url":"https:\/\/batitrakya.live\/index.php\/author\/tamer\/","title":"Midilli Adas\u0131'ndaki s\u0131\u011f\u0131nmac\u0131 kamp\u0131nda yang\u0131n...","type":"rich","width":600,"height":338,"html":"<blockquote class=\"wp-embedded-content\" data-secret=\"yRFrqsJjuC\"><a href=\"https:\/\/batitrakya.live\/index.php\/midilli-adasindaki-siginmaci-kampinda-yangin\/\">Midilli Adas\u0131&#8217;ndaki s\u0131\u011f\u0131nmac\u0131 kamp\u0131nda  yang\u0131n&#8230;<\/a><\/blockquote><iframe sandbox=\"allow-scripts\" security=\"restricted\" src=\"https:\/\/batitrakya.live\/index.php\/midilli-adasindaki-siginmaci-kampinda-yangin\/embed\/#?secret=yRFrqsJjuC\" width=\"600\" height=\"338\" title=\"&#8220;Midilli Adas\u0131&#8217;ndaki s\u0131\u011f\u0131nmac\u0131 kamp\u0131nda  yang\u0131n&#8230;&#8221; &#8212; Bat\u0131 Trakya Haber\" data-secret=\"yRFrqsJjuC\" frameborder=\"0\" marginwidth=\"0\" marginheight=\"0\" scrolling=\"no\" class=\"wp-embedded-content\"><\/iframe><script type=\"text\/javascript\">\n\/* <![CDATA[ *\/\n\/*! This file is auto-generated *\/\n!function(d,l){\"use strict\";l.querySelector&&d.addEventListener&&\"undefined\"!=typeof URL&&(d.wp=d.wp||{},d.wp.receiveEmbedMessage||(d.wp.receiveEmbedMessage=function(e){var t=e.data;if((t||t.secret||t.message||t.value)&&!\/[^a-zA-Z0-9]\/.test(t.secret)){for(var s,r,n,a=l.querySelectorAll('iframe[data-secret=\"'+t.secret+'\"]'),o=l.querySelectorAll('blockquote[data-secret=\"'+t.secret+'\"]'),c=new RegExp(\"^https?:$\",\"i\"),i=0;i<o.length;i++)o[i].style.display=\"none\";for(i=0;i<a.length;i++)s=a[i],e.source===s.contentWindow&&(s.removeAttribute(\"style\"),\"height\"===t.message?(1e3<(r=parseInt(t.value,10))?r=1e3:~~r<200&&(r=200),s.height=r):\"link\"===t.message&&(r=new URL(s.getAttribute(\"src\")),n=new URL(t.value),c.test(n.protocol))&&n.host===r.host&&l.activeElement===s&&(d.top.location.href=t.value))}},d.addEventListener(\"message\",d.wp.receiveEmbedMessage,!1),l.addEventListener(\"DOMContentLoaded\",function(){for(var e,t,s=l.querySelectorAll(\"iframe.wp-embedded-content\"),r=0;r<s.length;r++)(t=(e=s[r]).getAttribute(\"data-secret\"))||(t=Math.random().toString(36).substring(2,12),e.src+=\"#?secret=\"+t,e.setAttribute(\"data-secret\",t)),e.contentWindow.postMessage({message:\"ready\",secret:t},\"*\")},!1)))}(window,document);\n\/\/# sourceURL=https:\/\/batitrakya.live\/wp-includes\/js\/wp-embed.min.js\n\/* ]]> *\/\n<\/script>\n","thumbnail_url":"https:\/\/batitrakya.live\/wp-content\/uploads\/2020\/09\/yangin_mora2.jpg","thumbnail_width":720,"thumbnail_height":348,"description":"Yunanistan&#8217;\u0131n Midilli Adas\u0131&#8217;nda bulunan Moria s\u0131\u011f\u0131nmac\u0131 kamp\u0131nda yang\u0131n \u00e7\u0131kt\u0131\u011f\u0131 bildirildi. B\u00f6lgeye \u00e7ok say\u0131da polis ve itfaiye ekibi sevk edilirken, yang\u0131nda ilk belirlemelere g\u00f6re, \u00f6len ya da yaralanan olmad\u0131\u011f\u0131 kaydedildi. Yetkiler, s\u0131\u011f\u0131nmac\u0131lar\u0131n g\u00fcvenli yerlere sevk edildi\u011fini belirtirken, baz\u0131 s\u0131\u011f\u0131nmac\u0131lar\u0131n ise Midilli kent merkezine do\u011fru y\u00fcr\u00fcd\u00fc\u011f\u00fcn\u00fc dile getirdi. Kamp, ge\u00e7en haftadan bu yana tespit edilen 35 yeni &hellip;"}