{"version":"1.0","provider_name":"Bat\u0131 Trakya Haber","provider_url":"https:\/\/batitrakya.live","author_name":"tamer","author_url":"https:\/\/batitrakya.live\/index.php\/author\/tamer\/","title":"Mi\u00e7otakis'ten a\u015f\u0131 hakk\u0131nda a\u00e7\u0131klama...","type":"rich","width":600,"height":338,"html":"<blockquote class=\"wp-embedded-content\" data-secret=\"u5108P2hGu\"><a href=\"https:\/\/batitrakya.live\/index.php\/micotakisten-asi-hakkinda-aciklama\/\">Mi\u00e7otakis&#8217;ten a\u015f\u0131 hakk\u0131nda a\u00e7\u0131klama&#8230;<\/a><\/blockquote><iframe sandbox=\"allow-scripts\" security=\"restricted\" src=\"https:\/\/batitrakya.live\/index.php\/micotakisten-asi-hakkinda-aciklama\/embed\/#?secret=u5108P2hGu\" width=\"600\" height=\"338\" title=\"&#8220;Mi\u00e7otakis&#8217;ten a\u015f\u0131 hakk\u0131nda a\u00e7\u0131klama&#8230;&#8221; &#8212; Bat\u0131 Trakya Haber\" data-secret=\"u5108P2hGu\" frameborder=\"0\" marginwidth=\"0\" marginheight=\"0\" scrolling=\"no\" class=\"wp-embedded-content\"><\/iframe><script type=\"text\/javascript\">\n\/* <![CDATA[ *\/\n\/*! This file is auto-generated *\/\n!function(d,l){\"use strict\";l.querySelector&&d.addEventListener&&\"undefined\"!=typeof URL&&(d.wp=d.wp||{},d.wp.receiveEmbedMessage||(d.wp.receiveEmbedMessage=function(e){var t=e.data;if((t||t.secret||t.message||t.value)&&!\/[^a-zA-Z0-9]\/.test(t.secret)){for(var s,r,n,a=l.querySelectorAll('iframe[data-secret=\"'+t.secret+'\"]'),o=l.querySelectorAll('blockquote[data-secret=\"'+t.secret+'\"]'),c=new RegExp(\"^https?:$\",\"i\"),i=0;i<o.length;i++)o[i].style.display=\"none\";for(i=0;i<a.length;i++)s=a[i],e.source===s.contentWindow&&(s.removeAttribute(\"style\"),\"height\"===t.message?(1e3<(r=parseInt(t.value,10))?r=1e3:~~r<200&&(r=200),s.height=r):\"link\"===t.message&&(r=new URL(s.getAttribute(\"src\")),n=new URL(t.value),c.test(n.protocol))&&n.host===r.host&&l.activeElement===s&&(d.top.location.href=t.value))}},d.addEventListener(\"message\",d.wp.receiveEmbedMessage,!1),l.addEventListener(\"DOMContentLoaded\",function(){for(var e,t,s=l.querySelectorAll(\"iframe.wp-embedded-content\"),r=0;r<s.length;r++)(t=(e=s[r]).getAttribute(\"data-secret\"))||(t=Math.random().toString(36).substring(2,12),e.src+=\"#?secret=\"+t,e.setAttribute(\"data-secret\",t)),e.contentWindow.postMessage({message:\"ready\",secret:t},\"*\")},!1)))}(window,document);\n\/\/# sourceURL=https:\/\/batitrakya.live\/wp-includes\/js\/wp-embed.min.js\n\/* ]]> *\/\n<\/script>\n","thumbnail_url":"https:\/\/batitrakya.live\/wp-content\/uploads\/2020\/12\/mts.jpg","thumbnail_width":720,"thumbnail_height":348,"description":"Sivil Koruma Genel Sekreterli\u011finde d\u00fcn ger\u00e7ekle\u015fen toplant\u0131 sonras\u0131 konu\u015fan Ba\u015fbakan Mi\u00e7otakis, \u00fclkede ilk Kovid-19 a\u015f\u0131n\u0131n 27 Aral\u0131k Pazar g\u00fcn\u00fc yap\u0131laca\u011f\u0131n\u0131 s\u00f6yledi. \u00dclkeye ilk doz a\u015f\u0131lar\u0131n 26 Aral\u0131k Cumartesi g\u00fcn\u00fc \u00fclkeye ula\u015faca\u011f\u0131n\u0131 s\u00f6yleyen Kiryakos Mi\u00e7otakis, 27 Aral\u0131k Pazar g\u00fcn\u00fc Atina\u2019daki be\u015f hastanede a\u015f\u0131lama program\u0131n\u0131n ba\u015flayaca\u011f\u0131n\u0131 belirtti. A\u015f\u0131n\u0131n \u00f6nce sa\u011fl\u0131k \u00e7al\u0131\u015fanlar\u0131na verilece\u011fini, ard\u0131ndan 65 ya\u015f \u00fcst\u00fc vatanda\u015flara &hellip;"}