{"version":"1.0","provider_name":"Bat\u0131 Trakya Haber","provider_url":"https:\/\/batitrakya.live","author_name":"tamer","author_url":"https:\/\/batitrakya.live\/index.php\/author\/tamer\/","title":"Maske kullan\u0131m\u0131na kar\u015f\u0131 vaaz veren rahip tutukland\u0131...","type":"rich","width":600,"height":338,"html":"<blockquote class=\"wp-embedded-content\" data-secret=\"Vs2pNUNK5i\"><a href=\"https:\/\/batitrakya.live\/index.php\/maske-kullanimina-karsi-vaaz-veren-rahip-tutuklandi\/\">Maske kullan\u0131m\u0131na kar\u015f\u0131 vaaz veren rahip tutukland\u0131&#8230;<\/a><\/blockquote><iframe sandbox=\"allow-scripts\" security=\"restricted\" src=\"https:\/\/batitrakya.live\/index.php\/maske-kullanimina-karsi-vaaz-veren-rahip-tutuklandi\/embed\/#?secret=Vs2pNUNK5i\" width=\"600\" height=\"338\" title=\"&#8220;Maske kullan\u0131m\u0131na kar\u015f\u0131 vaaz veren rahip tutukland\u0131&#8230;&#8221; &#8212; Bat\u0131 Trakya Haber\" data-secret=\"Vs2pNUNK5i\" frameborder=\"0\" marginwidth=\"0\" marginheight=\"0\" scrolling=\"no\" class=\"wp-embedded-content\"><\/iframe><script type=\"text\/javascript\">\n\/* <![CDATA[ *\/\n\/*! This file is auto-generated *\/\n!function(d,l){\"use strict\";l.querySelector&&d.addEventListener&&\"undefined\"!=typeof URL&&(d.wp=d.wp||{},d.wp.receiveEmbedMessage||(d.wp.receiveEmbedMessage=function(e){var t=e.data;if((t||t.secret||t.message||t.value)&&!\/[^a-zA-Z0-9]\/.test(t.secret)){for(var s,r,n,a=l.querySelectorAll('iframe[data-secret=\"'+t.secret+'\"]'),o=l.querySelectorAll('blockquote[data-secret=\"'+t.secret+'\"]'),c=new RegExp(\"^https?:$\",\"i\"),i=0;i<o.length;i++)o[i].style.display=\"none\";for(i=0;i<a.length;i++)s=a[i],e.source===s.contentWindow&&(s.removeAttribute(\"style\"),\"height\"===t.message?(1e3<(r=parseInt(t.value,10))?r=1e3:~~r<200&&(r=200),s.height=r):\"link\"===t.message&&(r=new URL(s.getAttribute(\"src\")),n=new URL(t.value),c.test(n.protocol))&&n.host===r.host&&l.activeElement===s&&(d.top.location.href=t.value))}},d.addEventListener(\"message\",d.wp.receiveEmbedMessage,!1),l.addEventListener(\"DOMContentLoaded\",function(){for(var e,t,s=l.querySelectorAll(\"iframe.wp-embedded-content\"),r=0;r<s.length;r++)(t=(e=s[r]).getAttribute(\"data-secret\"))||(t=Math.random().toString(36).substring(2,12),e.src+=\"#?secret=\"+t,e.setAttribute(\"data-secret\",t)),e.contentWindow.postMessage({message:\"ready\",secret:t},\"*\")},!1)))}(window,document);\n\/\/# sourceURL=https:\/\/batitrakya.live\/wp-includes\/js\/wp-embed.min.js\n\/* ]]> *\/\n<\/script>\n","thumbnail_url":"https:\/\/batitrakya.live\/wp-content\/uploads\/2020\/09\/rahip_maske.jpg","thumbnail_width":720,"thumbnail_height":348,"description":"Girit adas\u0131nda Rethimnos\u2019da bir anaokulda \u00f6\u011frencilere ve velilere maskenin kullan\u0131lmamas\u0131 y\u00f6n\u00fcnde vaaz veren rakip tutukland\u0131. Atsipopoulos Anaokulu\u2019nda Pazartesi sabah\u0131 yeni e\u011fitim y\u0131l\u0131 nedeniyle d\u00fczenlenen a\u00e7\u0131l\u0131\u015f t\u00f6reninde kutsama s\u0131ras\u0131nda vaaz veren rahibin, maske kullan\u0131m\u0131 hakk\u0131nda s\u00f6yledikleri onun tutuklanmas\u0131na neden oldu. A\u00e7\u0131l\u0131\u015f etkinli\u011finde konu\u015fan 47 ya\u015f\u0131ndaki rahibin s\u00f6ylediklerini bir velinin kayda almas\u0131 ve ard\u0131ndan payla\u015fmas\u0131 sonras\u0131 Rethimson &hellip;"}