{"version":"1.0","provider_name":"Bat\u0131 Trakya Haber","provider_url":"https:\/\/batitrakya.live","author_name":"tamer","author_url":"https:\/\/batitrakya.live\/index.php\/author\/tamer\/","title":"Karantinadayken yurtd\u0131\u015f\u0131na gidi\u015flerde hangi kurallar ge\u00e7erli...","type":"rich","width":600,"height":338,"html":"<blockquote class=\"wp-embedded-content\" data-secret=\"Uby7JcrdbX\"><a href=\"https:\/\/batitrakya.live\/index.php\/karantinadayken-yurtdisina-gidislerde-hangi-kurallar-gecerli\/\">Karantinadayken yurtd\u0131\u015f\u0131na gidi\u015flerde hangi kurallar ge\u00e7erli&#8230;<\/a><\/blockquote><iframe sandbox=\"allow-scripts\" security=\"restricted\" src=\"https:\/\/batitrakya.live\/index.php\/karantinadayken-yurtdisina-gidislerde-hangi-kurallar-gecerli\/embed\/#?secret=Uby7JcrdbX\" width=\"600\" height=\"338\" title=\"&#8220;Karantinadayken yurtd\u0131\u015f\u0131na gidi\u015flerde hangi kurallar ge\u00e7erli&#8230;&#8221; &#8212; Bat\u0131 Trakya Haber\" data-secret=\"Uby7JcrdbX\" frameborder=\"0\" marginwidth=\"0\" marginheight=\"0\" scrolling=\"no\" class=\"wp-embedded-content\"><\/iframe><script type=\"text\/javascript\">\n\/* <![CDATA[ *\/\n\/*! This file is auto-generated *\/\n!function(d,l){\"use strict\";l.querySelector&&d.addEventListener&&\"undefined\"!=typeof URL&&(d.wp=d.wp||{},d.wp.receiveEmbedMessage||(d.wp.receiveEmbedMessage=function(e){var t=e.data;if((t||t.secret||t.message||t.value)&&!\/[^a-zA-Z0-9]\/.test(t.secret)){for(var s,r,n,a=l.querySelectorAll('iframe[data-secret=\"'+t.secret+'\"]'),o=l.querySelectorAll('blockquote[data-secret=\"'+t.secret+'\"]'),c=new RegExp(\"^https?:$\",\"i\"),i=0;i<o.length;i++)o[i].style.display=\"none\";for(i=0;i<a.length;i++)s=a[i],e.source===s.contentWindow&&(s.removeAttribute(\"style\"),\"height\"===t.message?(1e3<(r=parseInt(t.value,10))?r=1e3:~~r<200&&(r=200),s.height=r):\"link\"===t.message&&(r=new URL(s.getAttribute(\"src\")),n=new URL(t.value),c.test(n.protocol))&&n.host===r.host&&l.activeElement===s&&(d.top.location.href=t.value))}},d.addEventListener(\"message\",d.wp.receiveEmbedMessage,!1),l.addEventListener(\"DOMContentLoaded\",function(){for(var e,t,s=l.querySelectorAll(\"iframe.wp-embedded-content\"),r=0;r<s.length;r++)(t=(e=s[r]).getAttribute(\"data-secret\"))||(t=Math.random().toString(36).substring(2,12),e.src+=\"#?secret=\"+t,e.setAttribute(\"data-secret\",t)),e.contentWindow.postMessage({message:\"ready\",secret:t},\"*\")},!1)))}(window,document);\n\/\/# sourceURL=https:\/\/batitrakya.live\/wp-includes\/js\/wp-embed.min.js\n\/* ]]> *\/\n<\/script>\n","thumbnail_url":"https:\/\/batitrakya.live\/wp-content\/uploads\/2020\/09\/pasaport_yunanistan.jpg","thumbnail_width":720,"thumbnail_height":348,"description":"\u0130ske\u00e7e K\u0130NAL Milletvekili Burhan Baran \u00fclke olarak karantinaya girecek Yunanistan\u2019dan yurtd\u0131\u015f\u0131na nas\u0131l \u00e7\u0131k\u0131\u015f yap\u0131laca\u011f\u0131na a\u00e7\u0131kl\u0131k getirdi. Milletvekili Baran\u2019\u0131n a\u00e7\u0131klamas\u0131 \u015f\u00f6yle: \u201cDi\u011fer bir \u00f6nemli ve sizden gelen istek do\u011frultusunda a\u00e7\u0131klama gere\u011fi duydu\u011fumuz konu ise yurtd\u0131\u015f\u0131na \u00e7\u0131k\u0131\u015flarla ve giri\u015fler ile ilgili olacak. \u015eu ana kadar Yunanistan\u2019a giri\u015f yapan yolcular\u0131n doldurmak zorun da oldu\u011fu PLF \u2013 Passenger Location &hellip;"}