{"version":"1.0","provider_name":"Bat\u0131 Trakya Haber","provider_url":"https:\/\/batitrakya.live","author_name":"tamer","author_url":"https:\/\/batitrakya.live\/index.php\/author\/tamer\/","title":"G\u00fcm\u00fclcine'deki kazada gen\u00e7 soyda\u015f hayat\u0131n\u0131 kaybetti...","type":"rich","width":600,"height":338,"html":"<blockquote class=\"wp-embedded-content\" data-secret=\"dHwPKfBPQk\"><a href=\"https:\/\/batitrakya.live\/index.php\/gumulcinedeki-kazada-genc-soydas-hayatini-kaybetti\/\">G\u00fcm\u00fclcine&#8217;deki kazada gen\u00e7 soyda\u015f hayat\u0131n\u0131 kaybetti&#8230;<\/a><\/blockquote><iframe sandbox=\"allow-scripts\" security=\"restricted\" src=\"https:\/\/batitrakya.live\/index.php\/gumulcinedeki-kazada-genc-soydas-hayatini-kaybetti\/embed\/#?secret=dHwPKfBPQk\" width=\"600\" height=\"338\" title=\"&#8220;G\u00fcm\u00fclcine&#8217;deki kazada gen\u00e7 soyda\u015f hayat\u0131n\u0131 kaybetti&#8230;&#8221; &#8212; Bat\u0131 Trakya Haber\" data-secret=\"dHwPKfBPQk\" frameborder=\"0\" marginwidth=\"0\" marginheight=\"0\" scrolling=\"no\" class=\"wp-embedded-content\"><\/iframe><script type=\"text\/javascript\">\n\/* <![CDATA[ *\/\n\/*! This file is auto-generated *\/\n!function(d,l){\"use strict\";l.querySelector&&d.addEventListener&&\"undefined\"!=typeof URL&&(d.wp=d.wp||{},d.wp.receiveEmbedMessage||(d.wp.receiveEmbedMessage=function(e){var t=e.data;if((t||t.secret||t.message||t.value)&&!\/[^a-zA-Z0-9]\/.test(t.secret)){for(var s,r,n,a=l.querySelectorAll('iframe[data-secret=\"'+t.secret+'\"]'),o=l.querySelectorAll('blockquote[data-secret=\"'+t.secret+'\"]'),c=new RegExp(\"^https?:$\",\"i\"),i=0;i<o.length;i++)o[i].style.display=\"none\";for(i=0;i<a.length;i++)s=a[i],e.source===s.contentWindow&&(s.removeAttribute(\"style\"),\"height\"===t.message?(1e3<(r=parseInt(t.value,10))?r=1e3:~~r<200&&(r=200),s.height=r):\"link\"===t.message&&(r=new URL(s.getAttribute(\"src\")),n=new URL(t.value),c.test(n.protocol))&&n.host===r.host&&l.activeElement===s&&(d.top.location.href=t.value))}},d.addEventListener(\"message\",d.wp.receiveEmbedMessage,!1),l.addEventListener(\"DOMContentLoaded\",function(){for(var e,t,s=l.querySelectorAll(\"iframe.wp-embedded-content\"),r=0;r<s.length;r++)(t=(e=s[r]).getAttribute(\"data-secret\"))||(t=Math.random().toString(36).substring(2,12),e.src+=\"#?secret=\"+t,e.setAttribute(\"data-secret\",t)),e.contentWindow.postMessage({message:\"ready\",secret:t},\"*\")},!1)))}(window,document);\n\/\/# sourceURL=https:\/\/batitrakya.live\/wp-includes\/js\/wp-embed.min.js\n\/* ]]> *\/\n<\/script>\n","thumbnail_url":"https:\/\/batitrakya.live\/wp-content\/uploads\/2023\/04\/kaza_motosiklet.jpg","thumbnail_width":720,"thumbnail_height":348,"description":"G\u00fcm\u00fclcine&#8217;de bug\u00fcn \u00f6\u011fle saatlerinde trafik kazas\u0131 meydana geldi. Bir motosiklet ile arac\u0131n kar\u0131\u015ft\u0131\u011f\u0131 kazada gen\u00e7 soyda\u015f hayat\u0131n\u0131 kaybetti. G\u00fcm\u00fclcine&#8217;de halk pazar\u0131n\u0131n yap\u0131ld\u0131\u011f\u0131 b\u00f6lgede bug\u00fcn trafik kazas\u0131 ya\u015fand\u0131. Kaza \u00f6\u011fle saatlerinde Georgiou Zarifis ve Apostolidis Mirtilos Kosmas caddelerin birle\u015fti\u011fi noktada meydana geldi. \u00dczerinde iki gen\u00e7 soyda\u015f\u0131m\u0131z\u0131n oldu\u011fu motosiklet ile yine bir soyda\u015f\u0131n kulland\u0131\u011f\u0131 arac\u0131n kar\u0131\u015ft\u0131\u011f\u0131 kazada, &hellip;"}