{"version":"1.0","provider_name":"Bat\u0131 Trakya Haber","provider_url":"https:\/\/batitrakya.live","author_name":"tamer","author_url":"https:\/\/batitrakya.live\/index.php\/author\/tamer\/","title":"Georgios Bliumis Rafale sava\u015f u\u00e7aklar\u0131n\u0131 incelemeye gitti...","type":"rich","width":600,"height":338,"html":"<blockquote class=\"wp-embedded-content\" data-secret=\"vFVXmnarFW\"><a href=\"https:\/\/batitrakya.live\/index.php\/georgios-bliumis-rafale-savas-ucaklarini-incelemeye-gitti\/\">Georgios Bliumis Rafale sava\u015f u\u00e7aklar\u0131n\u0131 incelemeye gitti&#8230;<\/a><\/blockquote><iframe sandbox=\"allow-scripts\" security=\"restricted\" src=\"https:\/\/batitrakya.live\/index.php\/georgios-bliumis-rafale-savas-ucaklarini-incelemeye-gitti\/embed\/#?secret=vFVXmnarFW\" width=\"600\" height=\"338\" title=\"&#8220;Georgios Bliumis Rafale sava\u015f u\u00e7aklar\u0131n\u0131 incelemeye gitti&#8230;&#8221; &#8212; Bat\u0131 Trakya Haber\" data-secret=\"vFVXmnarFW\" frameborder=\"0\" marginwidth=\"0\" marginheight=\"0\" scrolling=\"no\" class=\"wp-embedded-content\"><\/iframe><script type=\"text\/javascript\">\n\/* <![CDATA[ *\/\n\/*! This file is auto-generated *\/\n!function(d,l){\"use strict\";l.querySelector&&d.addEventListener&&\"undefined\"!=typeof URL&&(d.wp=d.wp||{},d.wp.receiveEmbedMessage||(d.wp.receiveEmbedMessage=function(e){var t=e.data;if((t||t.secret||t.message||t.value)&&!\/[^a-zA-Z0-9]\/.test(t.secret)){for(var s,r,n,a=l.querySelectorAll('iframe[data-secret=\"'+t.secret+'\"]'),o=l.querySelectorAll('blockquote[data-secret=\"'+t.secret+'\"]'),c=new RegExp(\"^https?:$\",\"i\"),i=0;i<o.length;i++)o[i].style.display=\"none\";for(i=0;i<a.length;i++)s=a[i],e.source===s.contentWindow&&(s.removeAttribute(\"style\"),\"height\"===t.message?(1e3<(r=parseInt(t.value,10))?r=1e3:~~r<200&&(r=200),s.height=r):\"link\"===t.message&&(r=new URL(s.getAttribute(\"src\")),n=new URL(t.value),c.test(n.protocol))&&n.host===r.host&&l.activeElement===s&&(d.top.location.href=t.value))}},d.addEventListener(\"message\",d.wp.receiveEmbedMessage,!1),l.addEventListener(\"DOMContentLoaded\",function(){for(var e,t,s=l.querySelectorAll(\"iframe.wp-embedded-content\"),r=0;r<s.length;r++)(t=(e=s[r]).getAttribute(\"data-secret\"))||(t=Math.random().toString(36).substring(2,12),e.src+=\"#?secret=\"+t,e.setAttribute(\"data-secret\",t)),e.contentWindow.postMessage({message:\"ready\",secret:t},\"*\")},!1)))}(window,document);\n\/\/# sourceURL=https:\/\/batitrakya.live\/wp-includes\/js\/wp-embed.min.js\n\/* ]]> *\/\n<\/script>\n","thumbnail_url":"https:\/\/batitrakya.live\/wp-content\/uploads\/2020\/10\/rafael1.jpg.png","thumbnail_width":720,"thumbnail_height":348,"description":"Hava Kuvvetleri komutan\u0131 Georgios Bliumis Rafale sava\u015f u\u00e7aklar\u0131n\u0131 yak\u0131ndan incelemek ve g\u00f6rmek \u00fczere Fransa\u2019ya gitti. Yunanistan Hava Kuvvetleri komutan\u0131 Georgios Bliumis, Yunanistan\u2019\u0131n sat\u0131n ald\u0131\u011f\u0131 Rafale sava\u015f u\u00e7aklar\u0131n\u0131 yak\u0131ndan incelemek ve g\u00f6rmek \u00fczere Fransa\u2019ya gitti. Komutan Bliumis ile birlikte Rafale u\u00e7aklar\u0131n\u0131 kullanacak olan e\u011fitimci pilotlar\u0131n da gitti\u011fi belirtiliyor. Frans\u0131z mevkida\u015f\u0131 Philippe Lavigne\u2019nin davetlisi olarak 6 \u2013 &hellip;"}