{"version":"1.0","provider_name":"Bat\u0131 Trakya Haber","provider_url":"https:\/\/batitrakya.live","author_name":"tamer","author_url":"https:\/\/batitrakya.live\/index.php\/author\/tamer\/","title":"Estia gazetesinden m\u00fcft\u00fc ve vak\u0131f se\u00e7imi senaryolar\u0131...","type":"rich","width":600,"height":338,"html":"<blockquote class=\"wp-embedded-content\" data-secret=\"HckKAAhZ2n\"><a href=\"https:\/\/batitrakya.live\/index.php\/estia-gazetesinden-muftu-ve-vakif-secimi-senaryolari\/\">Estia gazetesinden m\u00fcft\u00fc ve vak\u0131f se\u00e7imi senaryolar\u0131&#8230;<\/a><\/blockquote><iframe sandbox=\"allow-scripts\" security=\"restricted\" src=\"https:\/\/batitrakya.live\/index.php\/estia-gazetesinden-muftu-ve-vakif-secimi-senaryolari\/embed\/#?secret=HckKAAhZ2n\" width=\"600\" height=\"338\" title=\"&#8220;Estia gazetesinden m\u00fcft\u00fc ve vak\u0131f se\u00e7imi senaryolar\u0131&#8230;&#8221; &#8212; Bat\u0131 Trakya Haber\" data-secret=\"HckKAAhZ2n\" frameborder=\"0\" marginwidth=\"0\" marginheight=\"0\" scrolling=\"no\" class=\"wp-embedded-content\"><\/iframe><script type=\"text\/javascript\">\n\/* <![CDATA[ *\/\n\/*! This file is auto-generated *\/\n!function(d,l){\"use strict\";l.querySelector&&d.addEventListener&&\"undefined\"!=typeof URL&&(d.wp=d.wp||{},d.wp.receiveEmbedMessage||(d.wp.receiveEmbedMessage=function(e){var t=e.data;if((t||t.secret||t.message||t.value)&&!\/[^a-zA-Z0-9]\/.test(t.secret)){for(var s,r,n,a=l.querySelectorAll('iframe[data-secret=\"'+t.secret+'\"]'),o=l.querySelectorAll('blockquote[data-secret=\"'+t.secret+'\"]'),c=new RegExp(\"^https?:$\",\"i\"),i=0;i<o.length;i++)o[i].style.display=\"none\";for(i=0;i<a.length;i++)s=a[i],e.source===s.contentWindow&&(s.removeAttribute(\"style\"),\"height\"===t.message?(1e3<(r=parseInt(t.value,10))?r=1e3:~~r<200&&(r=200),s.height=r):\"link\"===t.message&&(r=new URL(s.getAttribute(\"src\")),n=new URL(t.value),c.test(n.protocol))&&n.host===r.host&&l.activeElement===s&&(d.top.location.href=t.value))}},d.addEventListener(\"message\",d.wp.receiveEmbedMessage,!1),l.addEventListener(\"DOMContentLoaded\",function(){for(var e,t,s=l.querySelectorAll(\"iframe.wp-embedded-content\"),r=0;r<s.length;r++)(t=(e=s[r]).getAttribute(\"data-secret\"))||(t=Math.random().toString(36).substring(2,12),e.src+=\"#?secret=\"+t,e.setAttribute(\"data-secret\",t)),e.contentWindow.postMessage({message:\"ready\",secret:t},\"*\")},!1)))}(window,document);\n\/\/# sourceURL=https:\/\/batitrakya.live\/wp-includes\/js\/wp-embed.min.js\n\/* ]]> *\/\n<\/script>\n","thumbnail_url":"https:\/\/batitrakya.live\/wp-content\/uploads\/2021\/02\/muftis.jpg","thumbnail_width":720,"thumbnail_height":348,"description":"Estia, Bat\u0131 Trakya T\u00fcrkleri ve T\u00fcrkiye ile ilgili s\u0131k s\u0131k yapt\u0131\u011f\u0131 yay\u0131nlarla ad\u0131ndan s\u00f6z ettiren bir yay\u0131n organ\u0131. Bu yay\u0131nlar\u0131nda da az\u0131nl\u0131\u011f\u0131n lehine bir tutum sergiledi\u011fi s\u00f6ylenemez. Gazetenin haber \u2013 yorumu, resmi ve kesinle\u015fmi\u015f bilgiden \u00e7ok gazeteye ula\u015fan bilgilere dayan\u0131yor. Buna g\u00f6re Dora Bakoyanni\u2019nin ba\u015fkanl\u0131\u011f\u0131n\u0131 yapt\u0131\u011f\u0131 Trakya Kalk\u0131nma Komisyonu m\u00fcft\u00fcl\u00fck sorunuyla ilgili olarak iki senaryolu &hellip;"}