{"version":"1.0","provider_name":"Bat\u0131 Trakya Haber","provider_url":"https:\/\/batitrakya.live","author_name":"tamer","author_url":"https:\/\/batitrakya.live\/index.php\/author\/tamer\/","title":"Elektrik ve do\u011fal gaz i\u00e7in yeni destek modeli...","type":"rich","width":600,"height":338,"html":"<blockquote class=\"wp-embedded-content\" data-secret=\"1PrB4YWdOI\"><a href=\"https:\/\/batitrakya.live\/index.php\/elektrik-ve-dogal-gaz-icin-yeni-destek-modeli\/\">Elektrik ve do\u011fal gaz i\u00e7in yeni destek modeli&#8230;<\/a><\/blockquote><iframe sandbox=\"allow-scripts\" security=\"restricted\" src=\"https:\/\/batitrakya.live\/index.php\/elektrik-ve-dogal-gaz-icin-yeni-destek-modeli\/embed\/#?secret=1PrB4YWdOI\" width=\"600\" height=\"338\" title=\"&#8220;Elektrik ve do\u011fal gaz i\u00e7in yeni destek modeli&#8230;&#8221; &#8212; Bat\u0131 Trakya Haber\" data-secret=\"1PrB4YWdOI\" frameborder=\"0\" marginwidth=\"0\" marginheight=\"0\" scrolling=\"no\" class=\"wp-embedded-content\"><\/iframe><script type=\"text\/javascript\">\n\/* <![CDATA[ *\/\n\/*! This file is auto-generated *\/\n!function(d,l){\"use strict\";l.querySelector&&d.addEventListener&&\"undefined\"!=typeof URL&&(d.wp=d.wp||{},d.wp.receiveEmbedMessage||(d.wp.receiveEmbedMessage=function(e){var t=e.data;if((t||t.secret||t.message||t.value)&&!\/[^a-zA-Z0-9]\/.test(t.secret)){for(var s,r,n,a=l.querySelectorAll('iframe[data-secret=\"'+t.secret+'\"]'),o=l.querySelectorAll('blockquote[data-secret=\"'+t.secret+'\"]'),c=new RegExp(\"^https?:$\",\"i\"),i=0;i<o.length;i++)o[i].style.display=\"none\";for(i=0;i<a.length;i++)s=a[i],e.source===s.contentWindow&&(s.removeAttribute(\"style\"),\"height\"===t.message?(1e3<(r=parseInt(t.value,10))?r=1e3:~~r<200&&(r=200),s.height=r):\"link\"===t.message&&(r=new URL(s.getAttribute(\"src\")),n=new URL(t.value),c.test(n.protocol))&&n.host===r.host&&l.activeElement===s&&(d.top.location.href=t.value))}},d.addEventListener(\"message\",d.wp.receiveEmbedMessage,!1),l.addEventListener(\"DOMContentLoaded\",function(){for(var e,t,s=l.querySelectorAll(\"iframe.wp-embedded-content\"),r=0;r<s.length;r++)(t=(e=s[r]).getAttribute(\"data-secret\"))||(t=Math.random().toString(36).substring(2,12),e.src+=\"#?secret=\"+t,e.setAttribute(\"data-secret\",t)),e.contentWindow.postMessage({message:\"ready\",secret:t},\"*\")},!1)))}(window,document);\n\/\/# sourceURL=https:\/\/batitrakya.live\/wp-includes\/js\/wp-embed.min.js\n\/* ]]> *\/\n<\/script>\n","thumbnail_url":"https:\/\/batitrakya.live\/wp-content\/uploads\/2021\/02\/cropped-aytrakya.png","thumbnail_width":512,"thumbnail_height":512,"description":"Enerji Bakan\u0131 Skrekas h\u00fck\u00fcmetin hedeflerini, haneler i\u00e7in uygun enerji fiyatlar\u0131 sa\u011flayarak vatanda\u015f\u0131 desteklemek, k\u0131\u015f boyunca enerji yeterlili\u011fi i\u00e7in her t\u00fcrl\u00fc imkandan yararlanmak ve enerji tasarrufu \u00e7abas\u0131n\u0131 g\u00fc\u00e7lendirmek olarak s\u0131ralad\u0131. Bakan Skrekas yapt\u0131\u011f\u0131 a\u00e7\u0131klamaya g\u00f6re, 1 Ekim\u2019den itibaren elektrik faturalar\u0131na \u00fc\u00e7 \u00f6l\u00e7ekli bir destek modeli uygulanacak. Buna g\u00f6re, elektrik sa\u011flay\u0131c\u0131n\u0131n kim oldu\u011funa bak\u0131lmaks\u0131z\u0131n ve gelir kriteri &hellip;"}