{"version":"1.0","provider_name":"Bat\u0131 Trakya Haber","provider_url":"https:\/\/batitrakya.live","author_name":"tamer","author_url":"https:\/\/batitrakya.live\/index.php\/author\/tamer\/","title":"\u00c7ocuklar D vitamini i\u00e7in g\u00fcne\u015fli g\u00fcnlerde balkona \u00e7\u0131kar\u0131lmal\u0131...","type":"rich","width":600,"height":338,"html":"<blockquote class=\"wp-embedded-content\" data-secret=\"QKNXq0qXrs\"><a href=\"https:\/\/batitrakya.live\/index.php\/cocuklar-d-vitamini-icin-gunesli-gunlerde-balkona-cikarilmali\/\">\u00c7ocuklar D vitamini i\u00e7in g\u00fcne\u015fli g\u00fcnlerde balkona \u00e7\u0131kar\u0131lmal\u0131&#8230;<\/a><\/blockquote><iframe sandbox=\"allow-scripts\" security=\"restricted\" src=\"https:\/\/batitrakya.live\/index.php\/cocuklar-d-vitamini-icin-gunesli-gunlerde-balkona-cikarilmali\/embed\/#?secret=QKNXq0qXrs\" width=\"600\" height=\"338\" title=\"&#8220;\u00c7ocuklar D vitamini i\u00e7in g\u00fcne\u015fli g\u00fcnlerde balkona \u00e7\u0131kar\u0131lmal\u0131&#8230;&#8221; &#8212; Bat\u0131 Trakya Haber\" data-secret=\"QKNXq0qXrs\" frameborder=\"0\" marginwidth=\"0\" marginheight=\"0\" scrolling=\"no\" class=\"wp-embedded-content\"><\/iframe><script type=\"text\/javascript\">\n\/* <![CDATA[ *\/\n\/*! This file is auto-generated *\/\n!function(d,l){\"use strict\";l.querySelector&&d.addEventListener&&\"undefined\"!=typeof URL&&(d.wp=d.wp||{},d.wp.receiveEmbedMessage||(d.wp.receiveEmbedMessage=function(e){var t=e.data;if((t||t.secret||t.message||t.value)&&!\/[^a-zA-Z0-9]\/.test(t.secret)){for(var s,r,n,a=l.querySelectorAll('iframe[data-secret=\"'+t.secret+'\"]'),o=l.querySelectorAll('blockquote[data-secret=\"'+t.secret+'\"]'),c=new RegExp(\"^https?:$\",\"i\"),i=0;i<o.length;i++)o[i].style.display=\"none\";for(i=0;i<a.length;i++)s=a[i],e.source===s.contentWindow&&(s.removeAttribute(\"style\"),\"height\"===t.message?(1e3<(r=parseInt(t.value,10))?r=1e3:~~r<200&&(r=200),s.height=r):\"link\"===t.message&&(r=new URL(s.getAttribute(\"src\")),n=new URL(t.value),c.test(n.protocol))&&n.host===r.host&&l.activeElement===s&&(d.top.location.href=t.value))}},d.addEventListener(\"message\",d.wp.receiveEmbedMessage,!1),l.addEventListener(\"DOMContentLoaded\",function(){for(var e,t,s=l.querySelectorAll(\"iframe.wp-embedded-content\"),r=0;r<s.length;r++)(t=(e=s[r]).getAttribute(\"data-secret\"))||(t=Math.random().toString(36).substring(2,12),e.src+=\"#?secret=\"+t,e.setAttribute(\"data-secret\",t)),e.contentWindow.postMessage({message:\"ready\",secret:t},\"*\")},!1)))}(window,document);\n\/\/# sourceURL=https:\/\/batitrakya.live\/wp-includes\/js\/wp-embed.min.js\n\/* ]]> *\/\n<\/script>\n","thumbnail_url":"https:\/\/batitrakya.live\/wp-content\/uploads\/2020\/05\/d_vitamini.jpg","thumbnail_width":720,"thumbnail_height":348,"description":"Uzmanlar yeni tip koronavir\u00fcs salg\u0131n\u0131yla m\u00fccadele kapsam\u0131nda soka\u011fa \u00e7\u0131kmalar\u0131 k\u0131s\u0131tlanan \u00e7ocuklar\u0131n D vitaminine ihtiya\u00e7 duydu\u011funu belirtiyor. \u00c7ocuk Sa\u011fl\u0131\u011f\u0131 ve Hastal\u0131klar\u0131 Uzman\u0131 Do\u00e7. Dr. Akg\u00fcl Akp\u0131narl\u0131 Antony, yeni tip koronavir\u00fcs salg\u0131n\u0131yla m\u00fccadele kapsam\u0131nda soka\u011fa \u00e7\u0131kmalar\u0131 k\u0131s\u0131tlanan \u00e7ocuklar\u0131n daha az g\u00fcne\u015fe maruz kald\u0131klar\u0131 i\u00e7in daha az D vitamini \u00fcrettiklerini belirterek, &#8220;Oysa D vitamini en fazla sentezleyebilece\u011fimiz yaz &hellip;"}