{"version":"1.0","provider_name":"Bat\u0131 Trakya Haber","provider_url":"https:\/\/batitrakya.live","author_name":"tamer","author_url":"https:\/\/batitrakya.live\/index.php\/author\/tamer\/","title":"Cihan \u0130mamo\u011flu istifa edince havada kap\u0131ld\u0131...","type":"rich","width":600,"height":338,"html":"<blockquote class=\"wp-embedded-content\" data-secret=\"fNNq7aKpyN\"><a href=\"https:\/\/batitrakya.live\/index.php\/cihan-imamoglu-istifa-edince-havada-kapildi\/\">Cihan \u0130mamo\u011flu istifa edince havada kap\u0131ld\u0131&#8230;<\/a><\/blockquote><iframe sandbox=\"allow-scripts\" security=\"restricted\" src=\"https:\/\/batitrakya.live\/index.php\/cihan-imamoglu-istifa-edince-havada-kapildi\/embed\/#?secret=fNNq7aKpyN\" width=\"600\" height=\"338\" title=\"&#8220;Cihan \u0130mamo\u011flu istifa edince havada kap\u0131ld\u0131&#8230;&#8221; &#8212; Bat\u0131 Trakya Haber\" data-secret=\"fNNq7aKpyN\" frameborder=\"0\" marginwidth=\"0\" marginheight=\"0\" scrolling=\"no\" class=\"wp-embedded-content\"><\/iframe><script type=\"text\/javascript\">\n\/* <![CDATA[ *\/\n\/*! This file is auto-generated *\/\n!function(d,l){\"use strict\";l.querySelector&&d.addEventListener&&\"undefined\"!=typeof URL&&(d.wp=d.wp||{},d.wp.receiveEmbedMessage||(d.wp.receiveEmbedMessage=function(e){var t=e.data;if((t||t.secret||t.message||t.value)&&!\/[^a-zA-Z0-9]\/.test(t.secret)){for(var s,r,n,a=l.querySelectorAll('iframe[data-secret=\"'+t.secret+'\"]'),o=l.querySelectorAll('blockquote[data-secret=\"'+t.secret+'\"]'),c=new RegExp(\"^https?:$\",\"i\"),i=0;i<o.length;i++)o[i].style.display=\"none\";for(i=0;i<a.length;i++)s=a[i],e.source===s.contentWindow&&(s.removeAttribute(\"style\"),\"height\"===t.message?(1e3<(r=parseInt(t.value,10))?r=1e3:~~r<200&&(r=200),s.height=r):\"link\"===t.message&&(r=new URL(s.getAttribute(\"src\")),n=new URL(t.value),c.test(n.protocol))&&n.host===r.host&&l.activeElement===s&&(d.top.location.href=t.value))}},d.addEventListener(\"message\",d.wp.receiveEmbedMessage,!1),l.addEventListener(\"DOMContentLoaded\",function(){for(var e,t,s=l.querySelectorAll(\"iframe.wp-embedded-content\"),r=0;r<s.length;r++)(t=(e=s[r]).getAttribute(\"data-secret\"))||(t=Math.random().toString(36).substring(2,12),e.src+=\"#?secret=\"+t,e.setAttribute(\"data-secret\",t)),e.contentWindow.postMessage({message:\"ready\",secret:t},\"*\")},!1)))}(window,document);\n\/\/# sourceURL=https:\/\/batitrakya.live\/wp-includes\/js\/wp-embed.min.js\n\/* ]]> *\/\n<\/script>\n","thumbnail_url":"https:\/\/batitrakya.live\/wp-content\/uploads\/2020\/09\/cihanimamoglu.jpg","thumbnail_width":720,"thumbnail_height":348,"description":"Do\u011fu Makedonya &#8211; Trakya (DMT) Eyalet Ba\u015fkan\u0131 Hristos Metios\u2019un karar\u0131yla az\u0131nl\u0131k \u00fcyesi Cihan \u0130mamo\u011flu Eyalet Ba\u015fkan Yard\u0131mc\u0131l\u0131\u011f\u0131 g\u00f6revine getirildi. Edinilen bilgilere g\u00f6re DMT Eyalet Ba\u015fkan\u0131 Hristos Metios\u2019un giri\u015fimleriyle Cihan \u0130mamo\u011flu ile bir g\u00f6r\u00fc\u015fme ger\u00e7ekle\u015ftirildi. G\u00f6r\u00fc\u015fme sonras\u0131 Cihan \u0130mamo\u011flu, eyalette Sosyal Politikalardan Sorumlu Ba\u015fkan Yard\u0131mc\u0131l\u0131\u011f\u0131 g\u00f6revine atand\u0131. \u0130mamo\u011flu\u2019nun g\u00f6rev s\u00fcresi 31 Aral\u0131k 2021 tarihine kadar devam &hellip;"}