{"version":"1.0","provider_name":"Bat\u0131 Trakya Haber","provider_url":"https:\/\/batitrakya.live","author_name":"tamer","author_url":"https:\/\/batitrakya.live\/index.php\/author\/tamer\/","title":"Askerlik s\u00fcresinin 12 aya \u00e7\u0131kar\u0131ld\u0131\u011f\u0131 a\u00e7\u0131kland\u0131...","type":"rich","width":600,"height":338,"html":"<blockquote class=\"wp-embedded-content\" data-secret=\"IsdZqo6WMa\"><a href=\"https:\/\/batitrakya.live\/index.php\/askerlik-suresinin-12-aya-cikarildigi-aciklandi\/\">Askerlik s\u00fcresinin 12 aya \u00e7\u0131kar\u0131ld\u0131\u011f\u0131  a\u00e7\u0131kland\u0131&#8230;<\/a><\/blockquote><iframe sandbox=\"allow-scripts\" security=\"restricted\" src=\"https:\/\/batitrakya.live\/index.php\/askerlik-suresinin-12-aya-cikarildigi-aciklandi\/embed\/#?secret=IsdZqo6WMa\" width=\"600\" height=\"338\" title=\"&#8220;Askerlik s\u00fcresinin 12 aya \u00e7\u0131kar\u0131ld\u0131\u011f\u0131  a\u00e7\u0131kland\u0131&#8230;&#8221; &#8212; Bat\u0131 Trakya Haber\" data-secret=\"IsdZqo6WMa\" frameborder=\"0\" marginwidth=\"0\" marginheight=\"0\" scrolling=\"no\" class=\"wp-embedded-content\"><\/iframe><script type=\"text\/javascript\">\n\/* <![CDATA[ *\/\n\/*! This file is auto-generated *\/\n!function(d,l){\"use strict\";l.querySelector&&d.addEventListener&&\"undefined\"!=typeof URL&&(d.wp=d.wp||{},d.wp.receiveEmbedMessage||(d.wp.receiveEmbedMessage=function(e){var t=e.data;if((t||t.secret||t.message||t.value)&&!\/[^a-zA-Z0-9]\/.test(t.secret)){for(var s,r,n,a=l.querySelectorAll('iframe[data-secret=\"'+t.secret+'\"]'),o=l.querySelectorAll('blockquote[data-secret=\"'+t.secret+'\"]'),c=new RegExp(\"^https?:$\",\"i\"),i=0;i<o.length;i++)o[i].style.display=\"none\";for(i=0;i<a.length;i++)s=a[i],e.source===s.contentWindow&&(s.removeAttribute(\"style\"),\"height\"===t.message?(1e3<(r=parseInt(t.value,10))?r=1e3:~~r<200&&(r=200),s.height=r):\"link\"===t.message&&(r=new URL(s.getAttribute(\"src\")),n=new URL(t.value),c.test(n.protocol))&&n.host===r.host&&l.activeElement===s&&(d.top.location.href=t.value))}},d.addEventListener(\"message\",d.wp.receiveEmbedMessage,!1),l.addEventListener(\"DOMContentLoaded\",function(){for(var e,t,s=l.querySelectorAll(\"iframe.wp-embedded-content\"),r=0;r<s.length;r++)(t=(e=s[r]).getAttribute(\"data-secret\"))||(t=Math.random().toString(36).substring(2,12),e.src+=\"#?secret=\"+t,e.setAttribute(\"data-secret\",t)),e.contentWindow.postMessage({message:\"ready\",secret:t},\"*\")},!1)))}(window,document);\n\/\/# sourceURL=https:\/\/batitrakya.live\/wp-includes\/js\/wp-embed.min.js\n\/* ]]> *\/\n<\/script>\n","thumbnail_url":"https:\/\/batitrakya.live\/wp-content\/uploads\/2021\/01\/yunan_askeri1.jpg","thumbnail_width":720,"thumbnail_height":348,"description":"Milli Savunma Bakan\u0131 Nikos Panagiotopulos, ordudaki askerlik s\u00fcresinin 12 aya \u00e7\u0131kar\u0131ld\u0131\u011f\u0131n\u0131 a\u00e7\u0131klayarak, ilgili bakanl\u0131k karar\u0131n\u0131n yak\u0131n zamanda a\u00e7\u0131klanaca\u011f\u0131n\u0131 duyurdu. Yeni d\u00fczenlemeler May\u0131s ay\u0131nda y\u00fcr\u00fcrl\u00fc\u011fe girecek ve halihaz\u0131rda g\u00f6rev s\u00fcrelerine hizmet edenlere uygulanmayacak. S\u00fcre sadece orduda s\u0131n\u0131r b\u00f6lgelerinde g\u00f6rev yapanlar i\u00e7in 9 ayda kal\u0131yor. Milli Savunma Bakan\u0131 Panagiotopulos, 21 Ocak 2021 Per\u015fembe g\u00fcn\u00fc yapt\u0131\u011f\u0131 a\u00e7\u0131klamada \u015fu &hellip;"}