{"version":"1.0","provider_name":"Bat\u0131 Trakya Haber","provider_url":"https:\/\/batitrakya.live","author_name":"tamer","author_url":"https:\/\/batitrakya.live\/index.php\/author\/tamer\/","title":"AB, Kovid-19 a\u015f\u0131s\u0131 i\u00e7in yeni s\u00f6zle\u015fme imzalad\u0131...","type":"rich","width":600,"height":338,"html":"<blockquote class=\"wp-embedded-content\" data-secret=\"lwd5ij7JRC\"><a href=\"https:\/\/batitrakya.live\/index.php\/ab-kovid-19-asisi-icin-yeni-sozlesme-imzaladi\/\">AB, Kovid-19 a\u015f\u0131s\u0131 i\u00e7in yeni s\u00f6zle\u015fme imzalad\u0131&#8230;<\/a><\/blockquote><iframe sandbox=\"allow-scripts\" security=\"restricted\" src=\"https:\/\/batitrakya.live\/index.php\/ab-kovid-19-asisi-icin-yeni-sozlesme-imzaladi\/embed\/#?secret=lwd5ij7JRC\" width=\"600\" height=\"338\" title=\"&#8220;AB, Kovid-19 a\u015f\u0131s\u0131 i\u00e7in yeni s\u00f6zle\u015fme imzalad\u0131&#8230;&#8221; &#8212; Bat\u0131 Trakya Haber\" data-secret=\"lwd5ij7JRC\" frameborder=\"0\" marginwidth=\"0\" marginheight=\"0\" scrolling=\"no\" class=\"wp-embedded-content\"><\/iframe><script type=\"text\/javascript\">\n\/* <![CDATA[ *\/\n\/*! This file is auto-generated *\/\n!function(d,l){\"use strict\";l.querySelector&&d.addEventListener&&\"undefined\"!=typeof URL&&(d.wp=d.wp||{},d.wp.receiveEmbedMessage||(d.wp.receiveEmbedMessage=function(e){var t=e.data;if((t||t.secret||t.message||t.value)&&!\/[^a-zA-Z0-9]\/.test(t.secret)){for(var s,r,n,a=l.querySelectorAll('iframe[data-secret=\"'+t.secret+'\"]'),o=l.querySelectorAll('blockquote[data-secret=\"'+t.secret+'\"]'),c=new RegExp(\"^https?:$\",\"i\"),i=0;i<o.length;i++)o[i].style.display=\"none\";for(i=0;i<a.length;i++)s=a[i],e.source===s.contentWindow&&(s.removeAttribute(\"style\"),\"height\"===t.message?(1e3<(r=parseInt(t.value,10))?r=1e3:~~r<200&&(r=200),s.height=r):\"link\"===t.message&&(r=new URL(s.getAttribute(\"src\")),n=new URL(t.value),c.test(n.protocol))&&n.host===r.host&&l.activeElement===s&&(d.top.location.href=t.value))}},d.addEventListener(\"message\",d.wp.receiveEmbedMessage,!1),l.addEventListener(\"DOMContentLoaded\",function(){for(var e,t,s=l.querySelectorAll(\"iframe.wp-embedded-content\"),r=0;r<s.length;r++)(t=(e=s[r]).getAttribute(\"data-secret\"))||(t=Math.random().toString(36).substring(2,12),e.src+=\"#?secret=\"+t,e.setAttribute(\"data-secret\",t)),e.contentWindow.postMessage({message:\"ready\",secret:t},\"*\")},!1)))}(window,document);\n\/\/# sourceURL=https:\/\/batitrakya.live\/wp-includes\/js\/wp-embed.min.js\n\/* ]]> *\/\n<\/script>\n","thumbnail_url":"https:\/\/batitrakya.live\/wp-content\/uploads\/2020\/10\/covid_asi.jpeg","thumbnail_width":720,"thumbnail_height":348,"description":"Avrupa Birli\u011fi, ila\u00e7 \u00fcreticisi Johnson and Johnson \u015firketiyle a\u015f\u0131 sat\u0131n alma s\u00f6zle\u015fmesi imzalad\u0131. AB Komisyonundan yap\u0131lan a\u00e7\u0131klamaya g\u00f6re, Komisyon, s\u00f6zle\u015fmeyle AB \u00fclkeleri ad\u0131na 400 milyon doza kadar a\u015f\u0131 sat\u0131n alabilecek. Johnson and Johnson \u015firketinin a\u015f\u0131 \u00e7al\u0131\u015fmalar\u0131nda Faz-3 a\u015famas\u0131nda oldu\u011fu belirtildi. AB, daha \u00f6nce ila\u00e7 firmalar\u0131 AstraZeneca ve Sanofi-GSK ile a\u015f\u0131 sat\u0131n almak \u00fczere s\u00f6zle\u015fme imzalam\u0131\u015f, &hellip;"}